{"id":3285,"date":"2024-05-22T08:52:00","date_gmt":"2024-05-22T05:52:00","guid":{"rendered":"https:\/\/dn-agrar.eu\/?post_type=project&#038;p=3285"},"modified":"2025-08-26T13:39:19","modified_gmt":"2025-08-26T10:39:19","slug":"implementarea-standardelor-ifrs","status":"publish","type":"project","link":"https:\/\/dn-agrar.eu\/ro\/project\/implementarea-standardelor-ifrs\/","title":{"rendered":"Implementarea standardelor IFRS"},"content":{"rendered":"<div>\t\t<div data-elementor-type=\"container\" data-elementor-id=\"7471\" class=\"elementor elementor-7471\" data-elementor-post-type=\"elementor_library\">\n\t\t\t\t<div class=\"elementor-element elementor-element-c6be169 e-flex e-con-boxed e-con e-parent\" data-id=\"c6be169\" data-element_type=\"container\" data-e-type=\"container\">\n\t\t\t\t\t<div class=\"e-con-inner\">\n\t\t<div class=\"elementor-element elementor-element-a587453 e-con-full e-flex e-con e-child\" data-id=\"a587453\" data-element_type=\"container\" data-e-type=\"container\" data-settings=\"{&quot;background_background&quot;:&quot;classic&quot;}\">\n\t\t\t\t<div class=\"elementor-element elementor-element-0ebc7f1 elementor-widget elementor-widget-text-editor\" data-id=\"0ebc7f1\" data-element_type=\"widget\" data-e-type=\"widget\" data-widget_type=\"text-editor.default\">\n\t\t\t\t<div class=\"elementor-widget-container\">\n\t\t\t\t\t\t\t\t\t<div><div><p><span style=\"color: #ffffff;\">Ne preg\u0103tim ca \u00een urm\u0103torii ani s\u0103 facem transferal c\u0103tre Pia\u0163a Principal\u0103 a Bursei de Valori Bucure\u0219ti.<\/span><\/p><\/div><\/div>\t\t\t\t\t\t\t\t<\/div>\n\t\t\t\t<\/div>\n\t\t\t\t<div class=\"elementor-element elementor-element-0c34441 elementor-widget elementor-widget-text-editor\" data-id=\"0c34441\" data-element_type=\"widget\" data-e-type=\"widget\" data-widget_type=\"text-editor.default\">\n\t\t\t\t<div class=\"elementor-widget-container\">\n\t\t\t\t\t\t\t\t\t<div><p>Suntem convin\u0219i c\u0103 experin\u021ba acumulat\u0103 odat\u0103 cu listarea companiei \u00een pia\u021ba AeRO a Bursei de Valori Bucure\u0219ti, va fi valoroas\u0103 pentru echipa noastr\u0103 \u00een momentul transferului \u00een Pia\u021ba Principal\u0103. Principalul factor care va influen\u021ba transferul, \u00eel reprezint\u0103 condi\u0163iile de pia\u0163\u0103, urmate de performan\u021ba ac\u0163iunilor companiei la momentul respectiv.<\/p><p>\u00cen contextul preg\u0103tirilor pentru transferul pe Pia\u021ba Principal\u0103, <strong>\u00een anul 2023 am contractat servicii de consultan\u021b\u0103 implementarea standardelor IFRS<\/strong>, proiect pe care \u00eel vom realiza \u00een etape succesive.<\/p><\/div>\t\t\t\t\t\t\t\t<\/div>\n\t\t\t\t<\/div>\n\t\t\t\t<\/div>\n\t\t<div class=\"elementor-element elementor-element-73a38ab e-con-full e-flex e-con e-child\" data-id=\"73a38ab\" data-element_type=\"container\" data-e-type=\"container\" data-settings=\"{&quot;background_background&quot;:&quot;classic&quot;}\">\n\t\t<div class=\"elementor-element elementor-element-521705a e-con-full e-flex e-con e-child\" data-id=\"521705a\" data-element_type=\"container\" data-e-type=\"container\" data-settings=\"{&quot;background_background&quot;:&quot;classic&quot;}\">\n\t\t\t\t<div class=\"elementor-element elementor-element-3bc7e1a elementor-widget elementor-widget-text-editor\" data-id=\"3bc7e1a\" data-element_type=\"widget\" data-e-type=\"widget\" data-widget_type=\"text-editor.default\">\n\t\t\t\t<div class=\"elementor-widget-container\">\n\t\t\t\t\t\t\t\t\t<p>\u00cen anul 2024, am demarat procesul de revizuire a situa\u021biilor financiare anterioare, \u00eencep\u00e2nd cu anul 2022, \u00een conformitate cu standardele IFRS.<\/p><p><span style=\"color: #008000;\">Obiectivul este de a asigura raportarea financiar\u0103 \u00een cooncordan\u021b\u0103 cu standardele IFRS, \u00eencep\u00e2nd cu anul 2026.<\/span><\/p><p>\u00cen plus, lucr\u0103m la implementarea standardelor IFRS in sistemul SAP.<\/p>\t\t\t\t\t\t\t\t<\/div>\n\t\t\t\t<\/div>\n\t\t\t\t<\/div>\n\t\t\t\t<\/div>\n\t\t\t\t\t<\/div>\n\t\t\t\t<\/div>\n\t\t\t\t<\/div>\n\t\t<\/div>\n","protected":false},"excerpt":{"rendered":"<p>Implementare strategic\u0103 a standardelor IFRS pentru preg\u0103tirea transferului pe Pia\u021ba Principal\u0103 \u0219i cre\u0219terea transparen\u021bei financiare.<\/p>\n","protected":false},"featured_media":3283,"template":"","tags":[],"class_list":["post-3285","project","type-project","status-publish","has-post-thumbnail","hentry"],"acf":[],"_links":{"self":[{"href":"https:\/\/dn-agrar.eu\/ro\/wp-json\/wp\/v2\/project\/3285","targetHints":{"allow":["GET"]}}],"collection":[{"href":"https:\/\/dn-agrar.eu\/ro\/wp-json\/wp\/v2\/project"}],"about":[{"href":"https:\/\/dn-agrar.eu\/ro\/wp-json\/wp\/v2\/types\/project"}],"wp:featuredmedia":[{"embeddable":true,"href":"https:\/\/dn-agrar.eu\/ro\/wp-json\/wp\/v2\/media\/3283"}],"wp:attachment":[{"href":"https:\/\/dn-agrar.eu\/ro\/wp-json\/wp\/v2\/media?parent=3285"}],"wp:term":[{"taxonomy":"post_tag","embeddable":true,"href":"https:\/\/dn-agrar.eu\/ro\/wp-json\/wp\/v2\/tags?post=3285"}],"curies":[{"name":"wp","href":"https:\/\/api.w.org\/{rel}","templated":true}]}}