{"id":5099,"date":"2025-05-23T12:07:52","date_gmt":"2025-05-23T09:07:52","guid":{"rendered":"https:\/\/dn-agrar.eu\/?post_type=company&#038;p=5099"},"modified":"2026-03-11T13:46:30","modified_gmt":"2026-03-11T11:46:30","slug":"ferma-apold","status":"publish","type":"company","link":"https:\/\/dn-agrar.eu\/ro\/company\/ferma-apold\/","title":{"rendered":"Ferma APOLD"},"content":{"rendered":"\t\t<div data-elementor-type=\"container\" data-elementor-id=\"7571\" class=\"elementor elementor-7571 elementor-7555\" data-elementor-post-type=\"elementor_library\">\n\t\t\t\t<div class=\"elementor-element elementor-element-486e7ad3 e-con-full e-flex e-con e-child\" data-id=\"486e7ad3\" data-element_type=\"container\" data-e-type=\"container\" data-settings=\"{&quot;background_background&quot;:&quot;classic&quot;}\">\n\t\t<div class=\"elementor-element elementor-element-1a777de e-con-full e-flex e-con e-child\" data-id=\"1a777de\" data-element_type=\"container\" data-e-type=\"container\">\n\t\t<div class=\"elementor-element elementor-element-eee2c20 e-con-full e-flex e-con e-child\" data-id=\"eee2c20\" data-element_type=\"container\" data-e-type=\"container\" data-settings=\"{&quot;background_background&quot;:&quot;classic&quot;}\">\n\t\t<div class=\"elementor-element elementor-element-66697562 e-con-full e-flex e-con e-child\" data-id=\"66697562\" data-element_type=\"container\" data-e-type=\"container\" data-settings=\"{&quot;background_background&quot;:&quot;classic&quot;}\">\n\t\t\t\t<div class=\"elementor-element elementor-element-f204e71 elementor-widget elementor-widget-shortcode\" data-id=\"f204e71\" data-element_type=\"widget\" data-e-type=\"widget\" data-widget_type=\"shortcode.default\">\n\t\t\t\t<div class=\"elementor-widget-container\">\n\t\t\t\t\t\t\t<div class=\"elementor-shortcode\"><style>.text-content-section-1, .text-content-section-1 .elementor-element, .text-content-section-1 .elementor-widget-container { color: #ffffff; }<\/style><div class=\"text-content-section-1\"><p data-start=\"0\" data-end=\"429\">Ferma DN AGRAR APOLD dispune de dou\u0103 s\u0103li de muls, fiecare echipat\u0103 cu <strong>60 de posturi<\/strong>, permi\u021b\u00e2nd mulsul a\u00a0<strong>400 de vaci pe or\u0103<\/strong>. Produc\u021bia actual\u0103 este de <strong>75.000 de litri de lapte pe zi<\/strong>, iar obiectivul este atingerea unei produc\u021bii de 100.000 de litri zilnic, \u00een 2026\/2027. Facilit\u0103\u021bile includ <span style=\"color: #ffff00;\"><strong>trei rezervoare de lapte cu o capacitate total\u0103 de 100.000 de litri \u0219i ad\u0103posturi tip \u201eigloo\u201d pentru vi\u021bei, cu o capacitate total\u0103 de 600 locuri.<\/strong><\/span><\/p>\n<p data-start=\"431\" data-end=\"720\">Infrastructura fermei DN AGRAR APOLD cuprinde o moar\u0103 pentru furaje \u0219i o unitate de depozitare a cerealelor, optimiz\u00e2nd lan\u021bul de produc\u021bie a hranei pentru animale. Ferma dispune, de asemenea, de <strong>dou\u0103 lagune pentru depozitarea gunoiului de grajd, cu o capacitate total\u0103 de peste 50.000 m\u00b3.<\/strong><\/p>\n<p data-start=\"722\" data-end=\"853\"><strong>\u00cen 2022, a fost ini\u021biat un proiect de extindere a capacit\u0103\u021bii fermei Apold cu 50%, proiect care a fost finalizat cu succes \u00een 2023.<\/strong><\/p>\n<\/div><\/div>\n\t\t\t\t\t\t<\/div>\n\t\t\t\t<\/div>\n\t\t\t\t<\/div>\n\t\t\t\t<\/div>\n\t\t<div class=\"elementor-element elementor-element-534f5b66 e-con-full e-flex e-con e-child\" data-id=\"534f5b66\" data-element_type=\"container\" data-e-type=\"container\">\n\t\t\t\t<div class=\"elementor-element elementor-element-ad53cbd elementor-widget elementor-widget-shortcode\" data-id=\"ad53cbd\" data-element_type=\"widget\" data-e-type=\"widget\" data-widget_type=\"shortcode.default\">\n\t\t\t\t<div class=\"elementor-widget-container\">\n\t\t\t\t\t\t\t<div class=\"elementor-shortcode\"><style>.text-content-section-2, .text-content-section-2 .elementor-element, .text-content-section-2 .elementor-widget-container { color: #020202; }<\/style><div class=\"text-content-section-2\"><p data-start=\"855\" data-end=\"1131\">\u00cen plus, pentru ferma APOLD <strong>\u00een 2025 a fost realizat\u0103 instalarea de panouri solare pe acoperi\u0219urile cl\u0103dirilor fermei.<\/strong> Acest proiect a fost finan\u021bat at\u00e2t prin subven\u021bii (60% prin accesarea fondurilor nerambursabile prin Planul Na\u021bional de Redresare \u0219i Rezilien\u021b\u0103), c\u00e2t \u0219i prin finan\u021bare bancar\u0103.<\/p>\n<p>Implementarea a fost realizat\u0103 \u00een anul 2025, iar sistemele sunt complet func\u021bionale. Punerea integral\u0103 \u00een func\u021biune, condi\u021bionat\u0103 de finalizarea infrastructurii pentru cre\u0219terea puterii instalate, este estimat\u0103 pentru anul 2026. <strong>\u00cen plus, fermele au fost dotate cu sisteme de stocare a energiei (baterii) pentru a maximiza eficien\u021ba opera\u021bional\u0103. Principalul obiectiv al acestei ini\u021biative este reducerea amprentei de carbon \u0219i asigurarea unei surse de energie regenerabil\u0103 pentru opera\u021biunile interne ale companiei.<\/strong><\/p>\n<\/div><\/div>\n\t\t\t\t\t\t<\/div>\n\t\t\t\t<\/div>\n\t\t\t\t<div class=\"elementor-element elementor-element-3b569919 elementor-widget elementor-widget-image\" data-id=\"3b569919\" data-element_type=\"widget\" data-e-type=\"widget\" data-widget_type=\"image.default\">\n\t\t\t\t<div class=\"elementor-widget-container\">\n\t\t\t\t\t\t\t\t\t\t\t\t\t\t\t<img fetchpriority=\"high\" decoding=\"async\" width=\"800\" height=\"438\" src=\"https:\/\/dn-agrar.eu\/wp-content\/uploads\/2025\/08\/PANOURI-SOLARE-2-1024x561.png\" class=\"attachment-large size-large wp-image-7550\" alt=\"\" srcset=\"https:\/\/dn-agrar.eu\/wp-content\/uploads\/2025\/08\/PANOURI-SOLARE-2-1024x561.png 1024w, https:\/\/dn-agrar.eu\/wp-content\/uploads\/2025\/08\/PANOURI-SOLARE-2-300x164.png 300w, https:\/\/dn-agrar.eu\/wp-content\/uploads\/2025\/08\/PANOURI-SOLARE-2-768x421.png 768w, https:\/\/dn-agrar.eu\/wp-content\/uploads\/2025\/08\/PANOURI-SOLARE-2.png 1362w\" sizes=\"(max-width: 800px) 100vw, 800px\" \/>\t\t\t\t\t\t\t\t\t\t\t\t\t\t\t<\/div>\n\t\t\t\t<\/div>\n\t\t\t\t<\/div>\n\t\t\t\t<\/div>\n\t\t<div class=\"elementor-element elementor-element-55e5914c e-con-full e-flex e-con e-child\" data-id=\"55e5914c\" data-element_type=\"container\" data-e-type=\"container\">\n\t\t<div class=\"elementor-element elementor-element-263bc1e5 e-con-full e-flex e-con e-child\" data-id=\"263bc1e5\" data-element_type=\"container\" data-e-type=\"container\" data-settings=\"{&quot;background_background&quot;:&quot;classic&quot;}\">\n\t\t\t\t<div class=\"elementor-element elementor-element-29e5c9da elementor-widget elementor-widget-image\" data-id=\"29e5c9da\" data-element_type=\"widget\" data-e-type=\"widget\" data-widget_type=\"image.default\">\n\t\t\t\t<div class=\"elementor-widget-container\">\n\t\t\t\t\t\t\t\t\t\t\t\t\t\t\t<img decoding=\"async\" width=\"800\" height=\"463\" src=\"https:\/\/dn-agrar.eu\/wp-content\/uploads\/2025\/08\/FABRICA-COMPOST-1024x593.png\" class=\"attachment-large size-large wp-image-7554\" alt=\"\" srcset=\"https:\/\/dn-agrar.eu\/wp-content\/uploads\/2025\/08\/FABRICA-COMPOST-1024x593.png 1024w, https:\/\/dn-agrar.eu\/wp-content\/uploads\/2025\/08\/FABRICA-COMPOST-300x174.png 300w, https:\/\/dn-agrar.eu\/wp-content\/uploads\/2025\/08\/FABRICA-COMPOST-768x445.png 768w, https:\/\/dn-agrar.eu\/wp-content\/uploads\/2025\/08\/FABRICA-COMPOST.png 1516w\" sizes=\"(max-width: 800px) 100vw, 800px\" \/>\t\t\t\t\t\t\t\t\t\t\t\t\t\t\t<\/div>\n\t\t\t\t<\/div>\n\t\t\t\t<\/div>\n\t\t<div class=\"elementor-element elementor-element-2729189a e-con-full e-flex e-con e-child\" data-id=\"2729189a\" data-element_type=\"container\" data-e-type=\"container\">\n\t\t\t\t<div class=\"elementor-element elementor-element-9980d9c elementor-widget elementor-widget-shortcode\" data-id=\"9980d9c\" data-element_type=\"widget\" data-e-type=\"widget\" data-widget_type=\"shortcode.default\">\n\t\t\t\t<div class=\"elementor-widget-container\">\n\t\t\t\t\t\t\t<div class=\"elementor-shortcode\"><style>.text-content-section-3, .text-content-section-3 .elementor-element, .text-content-section-3 .elementor-widget-container { color: #020202; }<\/style><div class=\"text-content-section-3\"><p data-start=\"1364\" data-end=\"1852\" data-is-last-node=\"\" data-is-only-node=\"\">Totodat\u0103, <strong>\u00een noiembrie 2024, au fost demarate opera\u021biunile la fabrica de compost din cadrul fermei DN AGRAR APOLD<\/strong>, <b>\u00een urma unei investi\u021bii de<\/b><strong> 1,8 milioane de euro<\/strong>. Prima unitate de compostare a DN AGRAR va produce \u00eengr\u0103\u0219\u0103minte organice destinate at\u00e2t utiliz\u0103rii interne, c\u00e2t \u0219i v\u00e2nz\u0103rii \u00een afara grupului.<\/p>\n<p data-start=\"1364\" data-end=\"1852\" data-is-last-node=\"\" data-is-only-node=\"\"><b>Procesul de certificare organic\u0103 pentru aceste \u00eengr\u0103\u0219\u0103minte a fost ini\u021biat. <\/b>DN AGRAR estimeaz\u0103 ob\u021binerea certific\u0103rii pentru compostul produs \u00een T4 2025.<\/p>\n<p data-start=\"1364\" data-end=\"1852\" data-is-last-node=\"\" data-is-only-node=\"\">De asemenea, <b>\u00een concordan\u021b\u0103 cu strategia de sustenabilitate a DN AGRAR, a fost ini\u021biat\u0103 \u0219i procedura de ob\u021binere a certificatelor voluntare de carbon<\/b>. Aceast\u0103 direc\u021bie strategic\u0103 este estimat\u0103 s\u0103 genereze, pe l\u00e2ng\u0103 beneficiile de mediu, \u0219i noi surse de venituri pentru companie.<\/p>\n<\/div><\/div>\n\t\t\t\t\t\t<\/div>\n\t\t\t\t<\/div>\n\t\t\t\t<div class=\"elementor-element elementor-element-583657d elementor-widget elementor-widget-html\" data-id=\"583657d\" data-element_type=\"widget\" data-e-type=\"widget\" data-widget_type=\"html.default\">\n\t\t\t\t<div class=\"elementor-widget-container\">\n\t\t\t\t\t<a target=\"_blank\" href=\"https:\/\/dn-agrar.eu\/ro\/project\/compost-factory\/\" target=\"_blank\" class=\"dn-button-strategy-primary\" tabindex=\"0\">Afl\u0103 mai multe despre fabrica de compost<\/a>\t\t\t\t<\/div>\n\t\t\t\t<\/div>\n\t\t\t\t<\/div>\n\t\t\t\t<\/div>\n\t\t\t\t<\/div>\n\t\t\t\t<\/div>\n\t\t\n","protected":false},"featured_media":6656,"template":"","company-area-of-activity":[138],"class_list":["post-5099","company","type-company","status-publish","has-post-thumbnail","hentry","company-area-of-activity-milk-production-ro"],"acf":[],"_links":{"self":[{"href":"https:\/\/dn-agrar.eu\/ro\/wp-json\/wp\/v2\/company\/5099","targetHints":{"allow":["GET"]}}],"collection":[{"href":"https:\/\/dn-agrar.eu\/ro\/wp-json\/wp\/v2\/company"}],"about":[{"href":"https:\/\/dn-agrar.eu\/ro\/wp-json\/wp\/v2\/types\/company"}],"wp:featuredmedia":[{"embeddable":true,"href":"https:\/\/dn-agrar.eu\/ro\/wp-json\/wp\/v2\/media\/6656"}],"wp:attachment":[{"href":"https:\/\/dn-agrar.eu\/ro\/wp-json\/wp\/v2\/media?parent=5099"}],"wp:term":[{"taxonomy":"company-area-of-activity","embeddable":true,"href":"https:\/\/dn-agrar.eu\/ro\/wp-json\/wp\/v2\/company-area-of-activity?post=5099"}],"curies":[{"name":"wp","href":"https:\/\/api.w.org\/{rel}","templated":true}]}}