{"id":5098,"date":"2025-05-23T13:59:37","date_gmt":"2025-05-23T10:59:37","guid":{"rendered":"https:\/\/dn-agrar.eu\/?post_type=company&#038;p=5098"},"modified":"2026-03-11T13:44:37","modified_gmt":"2026-03-11T11:44:37","slug":"ferma-lacto-agrar","status":"publish","type":"company","link":"https:\/\/dn-agrar.eu\/ro\/company\/ferma-lacto-agrar\/","title":{"rendered":"Ferma LACTO AGRAR"},"content":{"rendered":"<p data-start=\"2344\" data-end=\"2813\" data-is-last-node=\"\" data-is-only-node=\"\">\t\t<div data-elementor-type=\"container\" data-elementor-id=\"10252\" class=\"elementor elementor-10252 elementor-10242\" data-elementor-post-type=\"elementor_library\">\n\t\t\t\t<div class=\"elementor-element elementor-element-21357be e-con-full e-flex e-con e-child\" data-id=\"21357be\" data-element_type=\"container\" data-e-type=\"container\">\n\t\t<div class=\"elementor-element elementor-element-2701bdb6 e-con-full e-flex e-con e-child\" data-id=\"2701bdb6\" data-element_type=\"container\" data-e-type=\"container\">\n\t\t<div class=\"elementor-element elementor-element-1ed9cd3f e-con-full e-flex e-con e-child\" data-id=\"1ed9cd3f\" data-element_type=\"container\" data-e-type=\"container\">\n\t\t\t\t<div class=\"elementor-element elementor-element-2a8abac0 elementor-widget elementor-widget-shortcode\" data-id=\"2a8abac0\" data-element_type=\"widget\" data-e-type=\"widget\" data-widget_type=\"shortcode.default\">\n\t\t\t\t<div class=\"elementor-widget-container\">\n\t\t\t\t\t\t\t<div class=\"elementor-shortcode\"><style>.text-content-section-1, .text-content-section-1 .elementor-element, .text-content-section-1 .elementor-widget-container { color: #111111; }<\/style><div class=\"text-content-section-1\"><p data-start=\"0\" data-end=\"322\"><strong>Pe l\u00e2ng\u0103 cre\u0219terea bovinelor pentru lapte, Lacto AGRAR se implic\u0103 \u0219i \u00een produc\u021bia de inputuri agricole de \u00eenalt\u0103 calitate, precum semin\u021be, \u00eengr\u0103\u0219\u0103minte \u0219i furaje pentru animale. Compania colaboreaz\u0103 str\u00e2ns cu fermierii locali pentru a le oferi cuno\u0219tin\u021be \u0219i resurse care s\u0103 le \u00eembun\u0103t\u0103\u021beasc\u0103 recoltele \u0219i profitabilitatea.<\/strong><\/p>\n<p data-start=\"324\" data-end=\"919\">Cu un efectiv de <strong>peste 4.000 de vaci<\/strong> de lapte \u0219i tineret bovin, Ferma Lacto Agrar este un complex zootehnic integrat \u0219i performant, care realizeaz\u0103 o produc\u021bie zilnic\u0103 de 60.000 de litri de lapte.<\/p>\n<\/div><\/div>\n\t\t\t\t\t\t<\/div>\n\t\t\t\t<\/div>\n\t\t\t\t<\/div>\n\t\t<div class=\"elementor-element elementor-element-55b5b46a e-con-full e-flex e-con e-child\" data-id=\"55b5b46a\" data-element_type=\"container\" data-e-type=\"container\">\n\t\t\t\t<div class=\"elementor-element elementor-element-6306ff1 elementor-widget elementor-widget-shortcode\" data-id=\"6306ff1\" data-element_type=\"widget\" data-e-type=\"widget\" data-widget_type=\"shortcode.default\">\n\t\t\t\t<div class=\"elementor-widget-container\">\n\t\t\t\t\t\t\t<div class=\"elementor-shortcode\"><style>.text-content-section-2, .text-content-section-2 .elementor-element, .text-content-section-2 .elementor-widget-container { color: #111111; }<\/style><div class=\"text-content-section-2\"><p>Facilit\u0103\u021bile includ <span style=\"color: #107701;\"><strong>cea mai mare sal\u0103 de muls rotativ\u0103 din Rom\u00e2nia<\/strong><\/span>, caruselul performant Swiftflo Dairymaster, ce dispune de 72 de posturi \u0219i o capacitate de muls de 350 vaci pe or\u0103. Terenurile fermei sunt cultivate cu porumb, triticale, cereale \u0219i lucern\u0103, iar gestionarea gunoiului de grajd este asigurat\u0103 printr-o lagun\u0103 specializat\u0103 de depozitare, cu o capacitate de peste 50.000 de metri cubi.<\/p>\n<\/div><\/div>\n\t\t\t\t\t\t<\/div>\n\t\t\t\t<\/div>\n\t\t\t\t<\/div>\n\t\t\t\t<\/div>\n\t\t<div class=\"elementor-element elementor-element-7f2a1fcf e-con-full e-flex e-con e-child\" data-id=\"7f2a1fcf\" data-element_type=\"container\" data-e-type=\"container\" data-settings=\"{&quot;background_background&quot;:&quot;classic&quot;}\">\n\t\t<div class=\"elementor-element elementor-element-7caee21b e-con-full e-flex e-con e-child\" data-id=\"7caee21b\" data-element_type=\"container\" data-e-type=\"container\">\n\t\t\t\t<div class=\"elementor-element elementor-element-3dfd066b elementor-widget elementor-widget-shortcode\" data-id=\"3dfd066b\" data-element_type=\"widget\" data-e-type=\"widget\" data-widget_type=\"shortcode.default\">\n\t\t\t\t<div class=\"elementor-widget-container\">\n\t\t\t\t\t\t\t<div class=\"elementor-shortcode\"><style>.text-content-section-3, .text-content-section-3 .elementor-element, .text-content-section-3 .elementor-widget-container { color: #ffffff; }<\/style><div class=\"text-content-section-3\"><p data-start=\"921\" data-end=\"1115\">Lacto Agrar are un impact pozitiv semnificativ \u00een comunitate prin crearea de locuri de munc\u0103, sus\u021binerea educa\u021biei, producerea de lapte de \u00eenalt\u0103 calitate \u0219i contribu\u021bia la fertilitatea solului.<\/p>\n<p data-start=\"1117\" data-end=\"1750\">Ferma func\u021bioneaz\u0103 cu un puternic accent pe sustenabilitate \u0219i bun\u0103starea animalelor. Facilit\u0103\u021bile moderne, inclusiv ad\u0103posturi spa\u021bioase \u0219i bine ventilate, asigur\u0103 condi\u021bii optime pentru animale. Tehnologia avansat\u0103 este integrat\u0103 \u00een opera\u021biunile fermei pentru monitorizarea \u0219i optimizarea dietei, s\u0103n\u0103t\u0103\u021bii \u0219i procesului de muls.<\/p>\n<\/div><\/div>\n\t\t\t\t\t\t<\/div>\n\t\t\t\t<\/div>\n\t\t\t\t<\/div>\n\t\t<div class=\"elementor-element elementor-element-669d0d51 e-con-full e-flex e-con e-child\" data-id=\"669d0d51\" data-element_type=\"container\" data-e-type=\"container\">\n\t\t\t\t<div class=\"elementor-element elementor-element-33bb968c elementor-widget elementor-widget-shortcode\" data-id=\"33bb968c\" data-element_type=\"widget\" data-e-type=\"widget\" data-widget_type=\"shortcode.default\">\n\t\t\t\t<div class=\"elementor-widget-container\">\n\t\t\t\t\t\t\t<div class=\"elementor-shortcode\"><style>.text-content-section-4, .text-content-section-4 .elementor-element, .text-content-section-4 .elementor-widget-container { color: #ffffff; }<\/style><div class=\"text-content-section-4\"><p>Pe l\u00e2ng\u0103 produc\u021bia de lapte, Lacto Agrar este implicat\u0103 \u00een furnizarea de materii prime agricole de calitate, cum ar fi semin\u021be, gunoi de grajd \u0219i furaje. Ferma colaboreaz\u0103 cu fermierii locali pentru a le pune la dispozi\u021bie resurse \u0219i expertiz\u0103, sprijinindu-i s\u0103 dezvolte practici agricole performante.<\/p>\n<\/div><\/div>\n\t\t\t\t\t\t<\/div>\n\t\t\t\t<\/div>\n\t\t\t\t<div class=\"elementor-element elementor-element-bb3bf7a elementor-widget elementor-widget-image\" data-id=\"bb3bf7a\" data-element_type=\"widget\" data-e-type=\"widget\" data-widget_type=\"image.default\">\n\t\t\t\t<div class=\"elementor-widget-container\">\n\t\t\t\t\t\t\t\t\t\t\t\t\t\t\t<img fetchpriority=\"high\" decoding=\"async\" width=\"800\" height=\"312\" src=\"https:\/\/dn-agrar.eu\/wp-content\/uploads\/2025\/12\/TUFIS.png\" class=\"attachment-large size-large wp-image-9467\" alt=\"\" srcset=\"https:\/\/dn-agrar.eu\/wp-content\/uploads\/2025\/12\/TUFIS.png 889w, https:\/\/dn-agrar.eu\/wp-content\/uploads\/2025\/12\/TUFIS-300x117.png 300w, https:\/\/dn-agrar.eu\/wp-content\/uploads\/2025\/12\/TUFIS-768x300.png 768w\" sizes=\"(max-width: 800px) 100vw, 800px\" \/>\t\t\t\t\t\t\t\t\t\t\t\t\t\t\t<\/div>\n\t\t\t\t<\/div>\n\t\t\t\t<\/div>\n\t\t\t\t<\/div>\n\t\t<div class=\"elementor-element elementor-element-185b7c8f e-con-full e-flex e-con e-child\" data-id=\"185b7c8f\" data-element_type=\"container\" data-e-type=\"container\">\n\t\t<div class=\"elementor-element elementor-element-25b3a8a5 e-con-full e-flex e-con e-child\" data-id=\"25b3a8a5\" data-element_type=\"container\" data-e-type=\"container\">\n\t\t\t\t<div class=\"elementor-element elementor-element-3d754e9a elementor-widget elementor-widget-shortcode\" data-id=\"3d754e9a\" data-element_type=\"widget\" data-e-type=\"widget\" data-widget_type=\"shortcode.default\">\n\t\t\t\t<div class=\"elementor-widget-container\">\n\t\t\t\t\t\t\t<div class=\"elementor-shortcode\"><p>\u00cen plus, \u00een perioada 2023\/2024, Lacto AGRAR a finalizat c\u00e2teva proiecte-cheie \u0219i a f\u0103cut investi\u021bii \u021bintite pentru a-\u0219i cre\u0219te eficien\u021ba opera\u021bional\u0103. Aceste investi\u021bii au vizat <span style=\"color: #107701;\"><strong>modernizarea \u0219i automatizarea fermei prin integrarea sistemelor robotizate<\/strong><\/span> \u00een anumite etape ale procesului de muls.<\/p>\n<\/div>\n\t\t\t\t\t\t<\/div>\n\t\t\t\t<\/div>\n\t\t\t\t<div class=\"elementor-element elementor-element-321e79bd elementor-widget elementor-widget-image\" data-id=\"321e79bd\" data-element_type=\"widget\" data-e-type=\"widget\" data-widget_type=\"image.default\">\n\t\t\t\t<div class=\"elementor-widget-container\">\n\t\t\t\t\t\t\t\t\t\t\t\t\t\t\t<img decoding=\"async\" width=\"800\" height=\"503\" src=\"https:\/\/dn-agrar.eu\/wp-content\/uploads\/2025\/05\/ROBOT-2-1024x644.png\" class=\"attachment-large size-large wp-image-10045\" alt=\"\" srcset=\"https:\/\/dn-agrar.eu\/wp-content\/uploads\/2025\/05\/ROBOT-2-1024x644.png 1024w, https:\/\/dn-agrar.eu\/wp-content\/uploads\/2025\/05\/ROBOT-2-300x189.png 300w, https:\/\/dn-agrar.eu\/wp-content\/uploads\/2025\/05\/ROBOT-2-768x483.png 768w, https:\/\/dn-agrar.eu\/wp-content\/uploads\/2025\/05\/ROBOT-2-1536x966.png 1536w, https:\/\/dn-agrar.eu\/wp-content\/uploads\/2025\/05\/ROBOT-2.png 1593w\" sizes=\"(max-width: 800px) 100vw, 800px\" \/>\t\t\t\t\t\t\t\t\t\t\t\t\t\t\t<\/div>\n\t\t\t\t<\/div>\n\t\t\t\t<div class=\"elementor-element elementor-element-1e5a7239 elementor-widget elementor-widget-shortcode\" data-id=\"1e5a7239\" data-element_type=\"widget\" data-e-type=\"widget\" data-widget_type=\"shortcode.default\">\n\t\t\t\t<div class=\"elementor-widget-container\">\n\t\t\t\t\t\t\t<div class=\"elementor-shortcode\"><p>Ace\u0219ti robo\u021bi, special concepu\u021bi pentru s\u0103lile de muls rotative, au ca scop <span style=\"color: #107701;\"><strong>\u00eembun\u0103t\u0103\u021birea s\u0103n\u0103t\u0103\u021bii ugerului \u0219i reducerea costurilor asociate mastitei clinice<\/strong><\/span>, automatiz\u00e2nd pa\u0219ii esen\u021biali de igien\u0103: preg\u0103tirea ugerului \u00eenainte de muls (cur\u0103\u021bare \u0219i stimulare) \u0219i dezinfectarea ugerului dup\u0103 muls.<\/p>\n<\/div>\n\t\t\t\t\t\t<\/div>\n\t\t\t\t<\/div>\n\t\t\t\t<\/div>\n\t\t<div class=\"elementor-element elementor-element-6775d529 e-con-full e-flex e-con e-child\" data-id=\"6775d529\" data-element_type=\"container\" data-e-type=\"container\" data-settings=\"{&quot;background_background&quot;:&quot;classic&quot;}\">\n\t\t\t\t<div class=\"elementor-element elementor-element-48e210ad elementor-widget elementor-widget-shortcode\" data-id=\"48e210ad\" data-element_type=\"widget\" data-e-type=\"widget\" data-widget_type=\"shortcode.default\">\n\t\t\t\t<div class=\"elementor-widget-container\">\n\t\t\t\t\t\t\t<div class=\"elementor-shortcode\"><style>.text-content-section-5, .text-content-section-5 .elementor-element, .text-content-section-5 .elementor-widget-container { color: #ffffff; }<\/style><div class=\"text-content-section-5\"><p><span style=\"color: #ffff00;\"><strong>Un proiect important realizat \u00een anul 2025 pentru Ferma Lacto AGRAR, a inclus instalarea de panouri solare pe acoperi\u0219ul cl\u0103dirilor fermei.<\/strong><\/span> Proiectul, care a fost implementat \u00een cadrul a 3 ferme de lapte ale DN AGRAR, inclusiv \u0219i ferma Lacto Agrar, a fost finan\u021bat at\u00e2t prin fonduri nerambursabile (60% prin programul PNRR), c\u00e2t \u0219i prin finan\u021bare bancar\u0103. Implementarea a fost realizat\u0103 \u00een anul 2025, iar sistemele sunt complet func\u021bionale. Punerea integral\u0103 \u00een func\u021biune, condi\u021bionat\u0103 de finalizarea infrastructurii pentru cre\u0219terea puterii instalate, este estimat\u0103 pentru anul 2026. <strong>\u00cen plus, fermele au fost dotate cu sisteme de stocare a energiei (baterii) pentru a maximiza eficien\u021ba opera\u021bional\u0103. Principalul obiectiv al acestei ini\u021biative este reducerea amprentei de carbon \u0219i asigurarea unei surse de energie regenerabil\u0103 pentru opera\u021biunile interne ale companiei.<\/strong><\/p>\n<\/div><\/div>\n\t\t\t\t\t\t<\/div>\n\t\t\t\t<\/div>\n\t\t\t\t<div class=\"elementor-element elementor-element-72983923 elementor-widget elementor-widget-image\" data-id=\"72983923\" data-element_type=\"widget\" data-e-type=\"widget\" data-widget_type=\"image.default\">\n\t\t\t\t<div class=\"elementor-widget-container\">\n\t\t\t\t\t\t\t\t\t\t\t\t\t\t\t<img decoding=\"async\" width=\"768\" height=\"421\" src=\"https:\/\/dn-agrar.eu\/wp-content\/uploads\/2025\/05\/PANOURI-SOLARE-2-768x421.png\" class=\"attachment-medium_large size-medium_large wp-image-10039\" alt=\"\" srcset=\"https:\/\/dn-agrar.eu\/wp-content\/uploads\/2025\/05\/PANOURI-SOLARE-2-768x421.png 768w, https:\/\/dn-agrar.eu\/wp-content\/uploads\/2025\/05\/PANOURI-SOLARE-2-300x164.png 300w, https:\/\/dn-agrar.eu\/wp-content\/uploads\/2025\/05\/PANOURI-SOLARE-2-1024x561.png 1024w, https:\/\/dn-agrar.eu\/wp-content\/uploads\/2025\/05\/PANOURI-SOLARE-2.png 1362w\" sizes=\"(max-width: 768px) 100vw, 768px\" \/>\t\t\t\t\t\t\t\t\t\t\t\t\t\t\t<\/div>\n\t\t\t\t<\/div>\n\t\t\t\t<\/div>\n\t\t\t\t<\/div>\n\t\t\t\t<\/div>\n\t\t\t\t<\/div>\n\t\t<\/p>\n","protected":false},"featured_media":4993,"template":"","company-area-of-activity":[138],"class_list":["post-5098","company","type-company","status-publish","has-post-thumbnail","hentry","company-area-of-activity-milk-production-ro"],"acf":[],"_links":{"self":[{"href":"https:\/\/dn-agrar.eu\/ro\/wp-json\/wp\/v2\/company\/5098","targetHints":{"allow":["GET"]}}],"collection":[{"href":"https:\/\/dn-agrar.eu\/ro\/wp-json\/wp\/v2\/company"}],"about":[{"href":"https:\/\/dn-agrar.eu\/ro\/wp-json\/wp\/v2\/types\/company"}],"wp:featuredmedia":[{"embeddable":true,"href":"https:\/\/dn-agrar.eu\/ro\/wp-json\/wp\/v2\/media\/4993"}],"wp:attachment":[{"href":"https:\/\/dn-agrar.eu\/ro\/wp-json\/wp\/v2\/media?parent=5098"}],"wp:term":[{"taxonomy":"company-area-of-activity","embeddable":true,"href":"https:\/\/dn-agrar.eu\/ro\/wp-json\/wp\/v2\/company-area-of-activity?post=5098"}],"curies":[{"name":"wp","href":"https:\/\/api.w.org\/{rel}","templated":true}]}}